{"id":8,"date":"2007-10-16T13:30:03","date_gmt":"2007-10-16T13:30:03","guid":{"rendered":"http:\/\/anabautistas.org\/portal\/?page_id=8"},"modified":"2021-09-15T15:41:46","modified_gmt":"2021-09-15T15:41:46","slug":"quienes-somos","status":"publish","type":"page","link":"https:\/\/anabautistas.org\/","title":{"rendered":"Qui\u00e9nes somos"},"content":{"rendered":"<p><a href=\"https:\/\/anabautistas.org\/wp-content\/uploads\/2021\/09\/2008BIClogo_color.jpg\"><img loading=\"lazy\" decoding=\"async\" class=\" wp-image-921 alignleft\" src=\"https:\/\/anabautistas.org\/wp-content\/uploads\/2021\/09\/2008BIClogo_color-213x300.jpg\" alt=\"\" width=\"182\" height=\"256\" srcset=\"https:\/\/anabautistas.org\/wp-content\/uploads\/2021\/09\/2008BIClogo_color-213x300.jpg 213w, https:\/\/anabautistas.org\/wp-content\/uploads\/2021\/09\/2008BIClogo_color.jpg 300w\" sizes=\"(max-width: 182px) 100vw, 182px\" \/><\/a>Somos personas muy parecidas a ti, que un d\u00ed\u00ada nos encontramos con el Se\u00f1or Jes\u00fas, le aceptamos en nuestras vidas, y decidimos seguirle de todo coraz\u00f3n, viviendo un cristianismo aut\u00e9ntico seg\u00fan el modelo del Serm\u00f3n del Monte. Los Hermanos en Cristo procedemos de lo que los historiadores llaman la \u00abReforma Radical\u00bb, iniciada por aquellos grupos \u00abanabautistas\u00bb del siglo XVI que, insatisfechos con los l\u00ed\u00admites de la reforma luterana, calvinista o anglicana, optaron por agruparse en iglesias libres de creyentes seg\u00fan los criterios del Nuevo Testamento.<\/p>\n<p>Estamos organizados en grupos caseros, de tal manera que todo creyente pertenece a una peque\u00f1a comunidad en la que es posible el intercambio mutuo y la edificaci\u00f3n personal.<\/p>\n<p><strong>CON\u00d3CENOS: <\/strong><a href=\"https:\/\/anabautistas.org\/?page_id=813\">La historia de los hermanos en Cristo<\/a> (video) || <a title=\"Art\u00edculos de fe y doctrina de los Hermanos en Cristo\" href=\"https:\/\/anabautistas.org\/?page_id=47\">Art\u00edculos de fe y doctrina<\/a> || <a title=\"Convicciones compartidas\" href=\"https:\/\/anabautistas.org\/?page_id=186\">Convicciones compartidas<\/a> || <a title=\"Pacto de iglesia\" href=\"https:\/\/anabautistas.org\/?page_id=48\">Pacto de iglesia<\/a><\/p>\n<p>\u00a0<\/p>\n\n\n<p><\/p>\n","protected":false},"excerpt":{"rendered":"<p>Somos personas muy parecidas a ti, que un d\u00ed\u00ada nos encontramos con el Se\u00f1or Jes\u00fas, le aceptamos en nuestras vidas, y decidimos seguirle de todo&hellip;<\/p>\n","protected":false},"author":3,"featured_media":0,"parent":0,"menu_order":0,"comment_status":"closed","ping_status":"closed","template":"","meta":{"footnotes":""},"class_list":["post-8","page","type-page","status-publish","hentry"],"_links":{"self":[{"href":"https:\/\/anabautistas.org\/index.php?rest_route=\/wp\/v2\/pages\/8"}],"collection":[{"href":"https:\/\/anabautistas.org\/index.php?rest_route=\/wp\/v2\/pages"}],"about":[{"href":"https:\/\/anabautistas.org\/index.php?rest_route=\/wp\/v2\/types\/page"}],"author":[{"embeddable":true,"href":"https:\/\/anabautistas.org\/index.php?rest_route=\/wp\/v2\/users\/3"}],"replies":[{"embeddable":true,"href":"https:\/\/anabautistas.org\/index.php?rest_route=%2Fwp%2Fv2%2Fcomments&post=8"}],"version-history":[{"count":17,"href":"https:\/\/anabautistas.org\/index.php?rest_route=\/wp\/v2\/pages\/8\/revisions"}],"predecessor-version":[{"id":1169,"href":"https:\/\/anabautistas.org\/index.php?rest_route=\/wp\/v2\/pages\/8\/revisions\/1169"}],"wp:attachment":[{"href":"https:\/\/anabautistas.org\/index.php?rest_route=%2Fwp%2Fv2%2Fmedia&parent=8"}],"curies":[{"name":"wp","href":"https:\/\/api.w.org\/{rel}","templated":true}]}}